{"id":2347,"date":"2024-09-19T07:08:44","date_gmt":"2024-09-19T07:08:44","guid":{"rendered":"https:\/\/thinkeduhub.com\/?page_id=2347"},"modified":"2025-09-03T17:45:00","modified_gmt":"2025-09-03T17:45:00","slug":"sve-o-srpskom","status":"publish","type":"page","link":"https:\/\/thinkeduhub.com\/hu\/sve-o-srpskom\/","title":{"rendered":"Sve o srpskom"},"content":{"rendered":"<div class=\"wp-block-cover alignfull has-parallax\" style=\"padding-top:2%;min-height:533px;aspect-ratio:unset;\"><div class=\"wp-block-cover__image-background wp-image-1154 has-parallax\" style=\"background-position:50% 50%;background-image:url(https:\/\/thinkeduhub.com\/wp-content\/uploads\/2024\/08\/honlap-hatter-1-1.jpg)\"><\/div><span aria-hidden=\"true\" class=\"wp-block-cover__background has-background-dim-0 has-background-dim\" style=\"background-color:#430165\"><\/span><div class=\"wp-block-cover__inner-container has-global-padding is-layout-constrained wp-container-core-cover-is-layout-ee51f2d2 wp-block-cover-is-layout-constrained\">\n<div class=\"wp-block-group alignwide is-vertical is-content-justification-center is-layout-flex wp-container-core-group-is-layout-5e763914 wp-block-group-is-layout-flex\" style=\"min-height:8rem\">\n<div class=\"wp-block-group has-global-padding is-layout-constrained wp-container-core-group-is-layout-bea02a06 wp-block-group-is-layout-constrained\">\n<h1 class=\"wp-block-heading has-text-align-center has-text-color\" style=\"color:#ffffff;margin-top:0rem;margin-bottom:1.01rem;font-size:clamp(2.671rem, 2.671rem + ((1vw - 0.2rem) * 4.416), 5.1rem);font-style:normal;font-weight:700;line-height:1;text-transform:none\">SOS &#8211; Sve o srpskom<\/h1>\n<\/div>\n<\/div>\n<\/div><\/div>\n\n\n\n<div class=\"wp-block-group alignfull has-global-padding is-layout-constrained wp-container-core-group-is-layout-9a564456 wp-block-group-is-layout-constrained\" style=\"margin-top:0;margin-bottom:0;padding-top:5rem;padding-right:var(--wp--preset--spacing--40);padding-bottom:5rem;padding-left:var(--wp--preset--spacing--40)\">\n<div class=\"wp-block-group alignwide has-global-padding is-layout-constrained wp-block-group-is-layout-constrained\" style=\"padding-bottom:2rem\">\n<div class=\"wp-block-group alignwide is-vertical is-content-justification-center is-layout-flex wp-container-core-group-is-layout-dff040d1 wp-block-group-is-layout-flex\" style=\"border-style:none;border-width:0px;border-radius:15px;margin-bottom:var(--wp--preset--spacing--50)\">\n<h3 class=\"wp-block-heading alignwide has-text-color has-link-color wp-elements-890ddb1dbb5404379eb2d57b20a85bae\" style=\"color:#3f0072;font-size:clamp(24.034px, 1.502rem + ((1vw - 3.2px) * 1.814), 40px);font-style:normal;font-weight:600\"><strong>K\u00fcldet\u00e9s\u00fcnk \u00e9s c\u00e9lunk<\/strong><\/h3>\n\n\n\n<hr class=\"wp-block-separator has-text-color has-alpha-channel-opacity has-background is-style-default wp-container-content-4daaf377\" style=\"margin-top:0;margin-bottom:0;background-color:#10a19e;color:#10a19e\"\/>\n<\/div>\n<\/div>\n\n\n\n<div class=\"wp-block-group alignwide has-global-padding is-layout-constrained wp-container-core-group-is-layout-1cf432e6 wp-block-group-is-layout-constrained\" style=\"margin-top:1.01rem\">\n<div class=\"wp-block-columns alignwide is-layout-flex wp-container-core-columns-is-layout-28f84493 wp-block-columns-is-layout-flex\">\n<div class=\"wp-block-column has-global-padding is-layout-constrained wp-container-core-column-is-layout-16b551ad wp-block-column-is-layout-constrained\" style=\"padding-right:1rem;padding-bottom:2rem;padding-left:1rem\">\n<div class=\"wp-block-group has-global-padding is-layout-constrained wp-container-core-group-is-layout-a099c240 wp-block-group-is-layout-constrained\">\n<figure class=\"wp-block-image aligncenter size-large is-resized wp-duotone-3f0072-rgb255255255-1\"><img decoding=\"async\" src=\"https:\/\/tyler.com\/wp-content\/themes\/variations-child\/assets\/images\/traveling\/traveling-icon1.svg\" alt=\"\" class=\"wp-image-1171\" style=\"width:60px\"\/><\/figure>\n\n\n\n<p class=\"has-text-align-center has-text-color\" style=\"color:#252525;margin-top:0.51rem;font-size:clamp(0.875rem, 0.875rem + ((1vw - 0.2rem) * 0.227), 1rem);font-style:normal;font-weight:500;line-height:1.4\">Gyermekeknek \u00e9s feln\u0151tteknek, akik sz\u00e1m\u00e1ra a szerb idegen vagy nem anyanyelv, szak\u00e9rt\u0151i tud\u00e1st k\u00f6zvet\u00edt\u00fcnk a szerb nyelv ter\u00fclet\u00e9n, lehet\u0151v\u00e9 t\u00e9ve sz\u00e1mukra az olvas\u00e1s, \u00edr\u00e1s, hall\u00e1s ut\u00e1ni \u00e9rt\u00e9s \u00e9s besz\u00e9dk\u00e9szs\u00e9g elsaj\u00e1t\u00edt\u00e1s\u00e1t a szerb nyelv funkcion\u00e1lis haszn\u00e1lata fel\u00e9 vezet\u0151 \u00faton.<\/p>\n<\/div>\n<\/div>\n\n\n\n<div class=\"wp-block-column has-global-padding is-layout-constrained wp-container-core-column-is-layout-16b551ad wp-block-column-is-layout-constrained\" style=\"padding-right:1rem;padding-bottom:2rem;padding-left:1rem\">\n<div class=\"wp-block-group has-global-padding is-layout-constrained wp-container-core-group-is-layout-a099c240 wp-block-group-is-layout-constrained\">\n<figure class=\"wp-block-image aligncenter size-large is-resized wp-duotone-3f0072-rgb255255255-2\"><img decoding=\"async\" src=\"https:\/\/tyler.com\/wp-content\/themes\/variations-child\/assets\/images\/traveling\/traveling-icon2.svg\" alt=\"\" class=\"wp-image-1176\" style=\"width:60px\"\/><\/figure>\n\n\n\n<p class=\"has-text-align-center has-text-color\" style=\"color:#252525;margin-top:0.51rem;font-size:clamp(0.875rem, 0.875rem + ((1vw - 0.2rem) * 0.227), 1rem);font-style:normal;font-weight:500;line-height:1.4\">C\u00e9lunk a szerb nyelv \u00e9s kult\u00fara ir\u00e1nti szeretet \u00f6szt\u00f6nz\u00e9se.<\/p>\n<\/div>\n<\/div>\n<\/div>\n<\/div>\n<\/div>\n\n\n\n<div class=\"wp-block-cover alignfull has-parallax wp-duotone-unset-3\" style=\"min-height:828px;aspect-ratio:unset;\"><div class=\"wp-block-cover__image-background wp-image-1154 has-parallax\" style=\"background-position:50% 50%;background-image:url(https:\/\/thinkeduhub.com\/wp-content\/uploads\/2024\/08\/honlap-hatter-1-1.jpg)\"><\/div><span aria-hidden=\"true\" class=\"wp-block-cover__background has-black-background-color has-background-dim-0 has-background-dim\"><\/span><div class=\"wp-block-cover__inner-container is-layout-flow wp-block-cover-is-layout-flow\">\n<div class=\"wp-block-group alignfull has-global-padding is-layout-constrained wp-container-core-group-is-layout-6d8556d3 wp-block-group-is-layout-constrained\" style=\"margin-top:0px;margin-bottom:0px;padding-top:100px;padding-right:20px;padding-bottom:100px;padding-left:20px\">\n<div class=\"wp-block-columns alignwide is-layout-flex wp-container-core-columns-is-layout-8e3aed5f wp-block-columns-is-layout-flex\" style=\"border-style:none;border-width:0px;margin-top:0px;margin-bottom:0px;padding-top:0px;padding-right:30px;padding-bottom:0px;padding-left:30px\">\n<div class=\"wp-block-column is-vertically-aligned-center is-layout-flow wp-container-core-column-is-layout-abe5317a wp-block-column-is-layout-flow\" style=\"padding-top:0px;padding-right:0px;padding-bottom:40px;padding-left:0px\">\n<h2 class=\"wp-block-heading has-text-align-center has-text-color\" style=\"color:#ffffff;margin-top:0;margin-bottom:var(--wp--preset--spacing--20);font-size:clamp(24.034px, 1.502rem + ((1vw - 3.2px) * 1.814), 40px);font-style:normal;font-weight:600\">MI\u00c9RT VAGYUNK EGYEDIEK?<\/h2>\n\n\n\n<div class=\"wp-block-group alignwide is-vertical is-content-justification-center is-layout-flex wp-container-core-group-is-layout-35d0fedc wp-block-group-is-layout-flex\" style=\"border-style:none;border-width:0px;border-radius:15px;margin-bottom:var(--wp--preset--spacing--70)\">\n<hr class=\"wp-block-separator has-text-color has-alpha-channel-opacity has-background is-style-default wp-container-content-4daaf377\" style=\"margin-top:0;margin-bottom:0;background-color:#10a19e;color:#10a19e\"\/>\n<\/div>\n\n\n\n<p class=\"has-text-align-left has-text-color\" style=\"color:#ffffff;margin-bottom:2rem;font-size:clamp(14px, 0.875rem + ((1vw - 3.2px) * 0.455), 18px);\">A Sve o srpskom szak\u00e9rt\u0151i szint\u0171 szerbnyelv-oktat\u00e1st k\u00edn\u00e1l gyermekek \u00e9s feln\u0151ttek sz\u00e1m\u00e1ra, akik sz\u00e1m\u00e1ra a szerb idegen vagy nem anyanyelv. A program az olvas\u00e1s, \u00edr\u00e1s, hall\u00e1s ut\u00e1ni \u00e9rt\u00e9s \u00e9s besz\u00e9dk\u00e9szs\u00e9g fejleszt\u00e9s\u00e9re \u00f6sszpontos\u00edt, seg\u00edtve a r\u00e9sztvev\u0151ket abban, hogy a nyelvet magabiztosan haszn\u00e1lj\u00e1k a mindennapi \u00e9letben.<\/p>\n\n\n\n<p class=\"has-text-color\" style=\"color:#ffffff;margin-bottom:2rem;font-size:clamp(14px, 0.875rem + ((1vw - 3.2px) * 0.455), 18px);\">Az interakt\u00edv \u00e9s szem\u00e9lyre szabott oktat\u00e1si megk\u00f6zel\u00edt\u00e9s hat\u00e9kony tud\u00e1sszerz\u00e9st biztos\u00edt, \u00f6tv\u00f6zve a hagyom\u00e1nyos \u00e9s modern m\u00f3dszereket. A tanul\u00e1si folyamat sor\u00e1n a r\u00e9sztvev\u0151k megismerkednek a szerb kult\u00far\u00e1val is, ami tov\u00e1bb er\u0151s\u00edti a nyelv \u00e9s a kult\u00fara ir\u00e1nti szeretetet.<\/p>\n\n\n\n<p class=\"has-text-color\" style=\"color:#ffffff;margin-bottom:2rem;font-size:clamp(14px, 0.875rem + ((1vw - 3.2px) * 0.455), 18px);\">A program megk\u00f6nny\u00edti a mindennapi \u00e9letben val\u00f3 eligazod\u00e1st \u00e9s hozz\u00e1j\u00e1rul a helyi szok\u00e1sok jobb meg\u00e9rt\u00e9s\u00e9hez. A szerb nyelv ismerete \u00faj szakmai lehet\u0151s\u00e9gekhez \u00e9s helyi v\u00e1llalatokkal val\u00f3 sikeres egy\u00fcttm\u0171k\u00f6d\u00e9shez vezethet.<\/p>\n\n\n\n<p>A szak\u00e9rt\u0151i ir\u00e1nymutat\u00e1snak k\u00f6sz\u00f6nhet\u0151en a tanul\u00f3k m\u00e9lyebb szem\u00e9lyes \u00e9s kultur\u00e1lis gazdagod\u00e1sra tesznek szert, ez\u00e1ltal biztos\u00edtva tartalmasabb \u00e9s g\u00f6rd\u00fcl\u00e9kenyebb tart\u00f3zkod\u00e1sukat Szerbi\u00e1ban.<\/p>\n<\/div>\n\n\n\n<div class=\"wp-block-column is-vertically-aligned-center is-layout-flow wp-block-column-is-layout-flow\" style=\"flex-basis:40%\">\n<figure class=\"wp-block-image aligncenter size-full has-custom-border\"><img loading=\"lazy\" decoding=\"async\" width=\"2560\" height=\"1709\" src=\"https:\/\/thinkeduhub.com\/wp-content\/uploads\/2024\/09\/talking-about-just-read-book-scaled.jpg\" alt=\"\" class=\"wp-image-2389\" style=\"border-radius:15px;aspect-ratio:3\/4;object-fit:cover\" srcset=\"https:\/\/thinkeduhub.com\/wp-content\/uploads\/2024\/09\/talking-about-just-read-book-scaled.jpg 2560w, https:\/\/thinkeduhub.com\/wp-content\/uploads\/2024\/09\/talking-about-just-read-book-300x200.jpg 300w, https:\/\/thinkeduhub.com\/wp-content\/uploads\/2024\/09\/talking-about-just-read-book-1024x683.jpg 1024w, https:\/\/thinkeduhub.com\/wp-content\/uploads\/2024\/09\/talking-about-just-read-book-768x513.jpg 768w, https:\/\/thinkeduhub.com\/wp-content\/uploads\/2024\/09\/talking-about-just-read-book-1536x1025.jpg 1536w, https:\/\/thinkeduhub.com\/wp-content\/uploads\/2024\/09\/talking-about-just-read-book-2048x1367.jpg 2048w\" sizes=\"auto, (max-width: 2560px) 100vw, 2560px\" \/><\/figure>\n<\/div>\n<\/div>\n<\/div>\n<\/div><\/div>\n\n\n\n<div class=\"wp-block-group alignfull has-global-padding is-layout-constrained wp-container-core-group-is-layout-74bc26e9 wp-block-group-is-layout-constrained\" style=\"margin-top:0;margin-bottom:0;padding-top:100px;padding-bottom:100px\">\n<h2 class=\"wp-block-heading alignwide has-text-align-center has-text-color has-link-color wp-elements-c093f55a67fb00b462d29831d32f02eb\" style=\"color:#3f0072;font-size:clamp(24.034px, 1.502rem + ((1vw - 3.2px) * 1.814), 40px);font-style:normal;font-weight:600\">Mi\u00e9rt fontos ez?<\/h2>\n\n\n\n<div class=\"wp-block-group alignwide is-vertical is-content-justification-center is-layout-flex wp-container-core-group-is-layout-1c8cae62 wp-block-group-is-layout-flex\" style=\"margin-top:0;margin-bottom:var(--wp--preset--spacing--40);padding-top:0;padding-right:0;padding-bottom:0;padding-left:0\">\n<hr class=\"wp-block-separator has-text-color has-alpha-channel-opacity has-background is-style-default wp-container-content-4daaf377\" style=\"margin-top:var(--wp--preset--spacing--20);margin-bottom:var(--wp--preset--spacing--20);background-color:#10a19e;color:#10a19e\"\/>\n<\/div>\n\n\n\n<div style=\"height:24px\" aria-hidden=\"true\" class=\"wp-block-spacer\"><\/div>\n\n\n\n<div class=\"wp-block-columns alignwide is-layout-flex wp-container-core-columns-is-layout-92515837 wp-block-columns-is-layout-flex\">\n<div class=\"wp-block-column is-layout-flow wp-container-core-column-is-layout-3ca914a4 wp-block-column-is-layout-flow\">\n<figure class=\"wp-block-image aligncenter size-full is-resized\"><img loading=\"lazy\" decoding=\"async\" width=\"512\" height=\"512\" src=\"https:\/\/thinkeduhub.com\/wp-content\/uploads\/2024\/09\/team_923403.png\" alt=\"\" class=\"wp-image-2387\" style=\"width:100px\" srcset=\"https:\/\/thinkeduhub.com\/wp-content\/uploads\/2024\/09\/team_923403.png 512w, https:\/\/thinkeduhub.com\/wp-content\/uploads\/2024\/09\/team_923403-300x300.png 300w, https:\/\/thinkeduhub.com\/wp-content\/uploads\/2024\/09\/team_923403-150x150.png 150w\" sizes=\"auto, (max-width: 512px) 100vw, 512px\" \/><\/figure>\n\n\n\n<p class=\"has-text-align-center has-text-color has-link-color wp-elements-6e1980de4cbdc0fdc767bee6620305f8\" style=\"color:#3f0072;margin-top:0;margin-bottom:0;font-style:normal;font-weight:700\">A t\u00e1rsadalmi beilleszked\u00e9s\u00e9rt<\/p>\n\n\n\n<p class=\"has-text-align-center\" style=\"margin-top:10px;margin-bottom:0;font-size:clamp(14px, 0.875rem + ((1vw - 3.2px) * 0.455), 18px);\">A kreativit\u00e1s fejleszt\u00e9se kulcsfontoss\u00e1g\u00fa a gyermekek \u00e1tfog\u00f3 fejl\u0151d\u00e9se szempontj\u00e1b\u00f3l.<\/p>\n<\/div>\n\n\n\n<div class=\"wp-block-column is-layout-flow wp-container-core-column-is-layout-3ca914a4 wp-block-column-is-layout-flow\">\n<figure class=\"wp-block-image aligncenter size-full is-resized\"><img loading=\"lazy\" decoding=\"async\" width=\"512\" height=\"512\" src=\"https:\/\/thinkeduhub.com\/wp-content\/uploads\/2024\/09\/world-book-day_4277077.png\" alt=\"\" class=\"wp-image-2386\" style=\"width:100px\" srcset=\"https:\/\/thinkeduhub.com\/wp-content\/uploads\/2024\/09\/world-book-day_4277077.png 512w, https:\/\/thinkeduhub.com\/wp-content\/uploads\/2024\/09\/world-book-day_4277077-300x300.png 300w, https:\/\/thinkeduhub.com\/wp-content\/uploads\/2024\/09\/world-book-day_4277077-150x150.png 150w\" sizes=\"auto, (max-width: 512px) 100vw, 512px\" \/><\/figure>\n\n\n\n<p class=\"has-text-align-center has-text-color has-link-color wp-elements-a81ac6283eba6db5fce6f50210c2efd2\" style=\"color:#3f0072;margin-top:0;margin-bottom:0;font-style:normal;font-weight:700\">A kommunik\u00e1ci\u00f3s k\u00e9szs\u00e9gek fejleszt\u00e9s\u00e9\u00e9rt<\/p>\n\n\n\n<p class=\"has-text-align-center\" style=\"margin-top:10px;margin-bottom:0;font-size:clamp(14px, 0.875rem + ((1vw - 3.2px) * 0.455), 18px);\">A szerb nyelv kiemelt szerepet t\u00f6lt be a Balk\u00e1non, megk\u00f6nny\u00edtve a kommunik\u00e1ci\u00f3t m\u00e1s balk\u00e1ni orsz\u00e1gok lak\u00f3ival.<\/p>\n<\/div>\n\n\n\n<div class=\"wp-block-column is-layout-flow wp-container-core-column-is-layout-3ca914a4 wp-block-column-is-layout-flow\">\n<figure class=\"wp-block-image aligncenter size-full is-resized\"><img loading=\"lazy\" decoding=\"async\" width=\"512\" height=\"512\" src=\"https:\/\/thinkeduhub.com\/wp-content\/uploads\/2024\/09\/book_2232688.png\" alt=\"\" class=\"wp-image-2385\" style=\"width:100px\" srcset=\"https:\/\/thinkeduhub.com\/wp-content\/uploads\/2024\/09\/book_2232688.png 512w, https:\/\/thinkeduhub.com\/wp-content\/uploads\/2024\/09\/book_2232688-300x300.png 300w, https:\/\/thinkeduhub.com\/wp-content\/uploads\/2024\/09\/book_2232688-150x150.png 150w\" sizes=\"auto, (max-width: 512px) 100vw, 512px\" \/><\/figure>\n\n\n\n<p class=\"has-text-align-center has-text-color has-link-color wp-elements-089524de58dcdcab170b9c50a6e9cf07\" style=\"color:#3f0072;margin-top:0;margin-bottom:0;font-style:normal;font-weight:700\">A szem\u00e9lyes el\u00e9gedetts\u00e9g\u00e9rt<\/p>\n\n\n\n<p class=\"has-text-align-center\" style=\"margin-top:10px;margin-bottom:0;font-size:clamp(14px, 0.875rem + ((1vw - 3.2px) * 0.455), 18px);\">Egy \u00faj nyelv elsaj\u00e1t\u00edt\u00e1sa mindig kih\u00edv\u00e1s, amely siker\u00e9lm\u00e9nyt ny\u00fajt, \u00e9s \u00faj lehet\u0151s\u00e9geket nyit a tov\u00e1bbi tanul\u00e1s \u00e9s fejl\u0151d\u00e9s el\u0151tt.<\/p>\n<\/div>\n<\/div>\n<\/div>\n\n\n\n<section class=\"wp-block-cover alignfull has-parallax\" style=\"margin-top:37px;padding-bottom:13.51rem;min-height:374px;aspect-ratio:unset;\"><div class=\"wp-block-cover__image-background wp-image-1154 has-parallax\" style=\"background-position:50% 50%;background-image:url(https:\/\/thinkeduhub.com\/wp-content\/uploads\/2024\/08\/honlap-hatter-1-1.jpg)\"><\/div><span aria-hidden=\"true\" class=\"wp-block-cover__background has-background-dim-0 has-background-dim\" style=\"background-color:#430165\"><\/span><div class=\"wp-block-cover__inner-container has-global-padding is-layout-constrained wp-container-core-cover-is-layout-dc546073 wp-block-cover-is-layout-constrained\">\n<div class=\"wp-block-group alignfull has-text-color has-global-padding is-layout-constrained wp-container-core-group-is-layout-6f61d7e7 wp-block-group-is-layout-constrained\" style=\"color:#252525;margin-top:0px;padding-top:0rem;padding-right:1rem;padding-bottom:0rem;padding-left:1rem;font-size:clamp(0.875rem, 0.875rem + ((1vw - 0.2rem) * 0.464), 1.13rem);font-style:normal;font-weight:400;line-height:1.4\">\n<div class=\"wp-block-group alignwide is-vertical is-content-justification-center is-layout-flex wp-container-core-group-is-layout-b6c1f246 wp-block-group-is-layout-flex\">\n<div class=\"wp-block-group has-global-padding is-layout-constrained wp-container-core-group-is-layout-a099c240 wp-block-group-is-layout-constrained\">\n<h1 class=\"wp-block-heading has-text-align-center has-text-color\" style=\"color:#ffffff;margin-bottom:1.11rem;font-size:clamp(1.93rem, 1.93rem + ((1vw - 0.2rem) * 2.673), 3.4rem);font-style:normal;font-weight:500;line-height:1.2;text-transform:none\">Jelentkezzen most!<\/h1>\n\n\n\n<p class=\"has-text-align-center has-text-color\" style=\"color:#ffbe00;margin-top:0rem;font-size:clamp(0.875rem, 0.875rem + ((1vw - 0.2rem) * 0.427), 1.11rem);font-style:normal;font-weight:500;line-height:1.6\">Kezdje el gyermeke oktat\u00e1s\u00e1t vel\u00fcnk!<\/p>\n\n\n\n<div class=\"wp-block-group is-vertical is-content-justification-stretch is-layout-flex wp-container-core-group-is-layout-be82aac6 wp-block-group-is-layout-flex\" style=\"margin-top:0rem;padding-right:0px;padding-left:0px\">\n<div class=\"wp-block-group has-global-padding is-content-justification-center is-layout-constrained wp-container-core-group-is-layout-0638dde4 wp-block-group-is-layout-constrained\" style=\"margin-top:0px\">\n<div class=\"wp-block-buttons is-horizontal is-content-justification-right is-layout-flex wp-container-core-buttons-is-layout-1b0e492f wp-block-buttons-is-layout-flex\" style=\"margin-top:2.21rem\">\n<div class=\"wp-block-button has-custom-width wp-block-button__width-100 is-style-fill\"><a class=\"wp-block-button__link has-luminous-vivid-amber-to-luminous-vivid-orange-gradient-background has-text-color has-background has-custom-font-size wp-element-button\" href=\"https:\/\/thinkeduhub.com\/hu\/kursevi\/#sve-o-srpskom\" style=\"border-style:none;border-width:0px;border-radius:20px;color:#ffffff;padding-top:1.1rem;padding-right:0.81rem;padding-bottom:1.1rem;padding-left:0.81rem;font-size:clamp(0.875rem, 0.875rem + ((1vw - 0.2rem) * 0.609), 1.21rem);font-style:normal;font-weight:600;line-height:1;text-transform:capitalize\">REGISZTR\u00c1CI\u00d3<\/a><\/div>\n<\/div>\n<\/div>\n<\/div>\n<\/div>\n<\/div>\n<\/div>\n<\/div><\/section>","protected":false},"excerpt":{"rendered":"<p>\u0160TA JE NA\u0160 CILJ Deci i odraslima kojima je srpski strani ili nematernji jezik prenese stru\u010dno znanje iz oblasti srpskog jezika, omogu\u0107avaju\u0107i im da savladaju ve\u0161tine \u010ditanja, pisanja, slu\u0161anja i govora na putu ka funkcionalnoj upotrebi srpskog jezika. Podsticanje ljubavi prema srpskom jeziku i srpskoj kulturi. ZA\u0160TO JE OVO VA\u017dNO Zbog integracije u dru\u0161tvo Razvijanje [&hellip;]<\/p>","protected":false},"author":2,"featured_media":0,"parent":0,"menu_order":0,"comment_status":"closed","ping_status":"closed","template":"","meta":{"ngg_post_thumbnail":0,"footnotes":""},"class_list":["post-2347","page","type-page","status-publish","hentry"],"_links":{"self":[{"href":"https:\/\/thinkeduhub.com\/hu\/wp-json\/wp\/v2\/pages\/2347","targetHints":{"allow":["GET"]}}],"collection":[{"href":"https:\/\/thinkeduhub.com\/hu\/wp-json\/wp\/v2\/pages"}],"about":[{"href":"https:\/\/thinkeduhub.com\/hu\/wp-json\/wp\/v2\/types\/page"}],"author":[{"embeddable":true,"href":"https:\/\/thinkeduhub.com\/hu\/wp-json\/wp\/v2\/users\/2"}],"replies":[{"embeddable":true,"href":"https:\/\/thinkeduhub.com\/hu\/wp-json\/wp\/v2\/comments?post=2347"}],"version-history":[{"count":15,"href":"https:\/\/thinkeduhub.com\/hu\/wp-json\/wp\/v2\/pages\/2347\/revisions"}],"predecessor-version":[{"id":3451,"href":"https:\/\/thinkeduhub.com\/hu\/wp-json\/wp\/v2\/pages\/2347\/revisions\/3451"}],"wp:attachment":[{"href":"https:\/\/thinkeduhub.com\/hu\/wp-json\/wp\/v2\/media?parent=2347"}],"curies":[{"name":"wp","href":"https:\/\/api.w.org\/{rel}","templated":true}]}}