{"id":44,"date":"2024-04-22T13:54:04","date_gmt":"2024-04-22T13:54:04","guid":{"rendered":"http:\/\/oeg.awf.temporary.site\/?page_id=44"},"modified":"2024-09-04T18:50:01","modified_gmt":"2024-09-04T18:50:01","slug":"kockica","status":"publish","type":"page","link":"https:\/\/thinkeduhub.com\/hu\/kockica\/","title":{"rendered":"Kockica"},"content":{"rendered":"<div class=\"wp-block-cover alignfull has-parallax\" style=\"padding-top:2%;min-height:533px;aspect-ratio:unset;\"><span aria-hidden=\"true\" class=\"wp-block-cover__background has-background-dim-0 has-background-dim\" style=\"background-color:#430165\"><\/span><div class=\"wp-block-cover__image-background wp-image-1154 has-parallax\" style=\"background-position:50% 50%;background-image:url(https:\/\/thinkeduhub.com\/wp-content\/uploads\/2024\/08\/honlap-hatter-1-1.jpg)\"><\/div><div class=\"wp-block-cover__inner-container has-global-padding is-layout-constrained wp-container-core-cover-is-layout-ee51f2d2 wp-block-cover-is-layout-constrained\">\n<div class=\"wp-block-group alignwide is-vertical is-content-justification-center is-layout-flex wp-container-core-group-is-layout-5e763914 wp-block-group-is-layout-flex\" style=\"min-height:8rem\">\n<div class=\"wp-block-group has-global-padding is-layout-constrained wp-container-core-group-is-layout-bea02a06 wp-block-group-is-layout-constrained\">\n<h1 class=\"wp-block-heading has-text-align-center has-text-color\" style=\"color:#ffffff;margin-top:0rem;margin-bottom:1.01rem;font-size:clamp(2.671rem, 2.671rem + ((1vw - 0.2rem) * 4.416), 5.1rem);font-style:normal;font-weight:700;line-height:1;text-transform:capitalize\">Kockica<\/h1>\n<\/div>\n<\/div>\n<\/div><\/div>\n\n\n\n<div class=\"wp-block-group alignfull has-global-padding is-layout-constrained wp-container-core-group-is-layout-9a564456 wp-block-group-is-layout-constrained\" style=\"margin-top:0;margin-bottom:0;padding-top:5rem;padding-right:var(--wp--preset--spacing--40);padding-bottom:5rem;padding-left:var(--wp--preset--spacing--40)\">\n<div class=\"wp-block-group alignwide has-global-padding is-layout-constrained wp-block-group-is-layout-constrained\" style=\"padding-bottom:2rem\">\n<div class=\"wp-block-group alignwide is-vertical is-content-justification-center is-layout-flex wp-container-core-group-is-layout-dff040d1 wp-block-group-is-layout-flex\" style=\"border-style:none;border-width:0px;border-radius:15px;margin-bottom:var(--wp--preset--spacing--50)\">\n<h3 class=\"wp-block-heading alignwide has-text-color has-link-color wp-elements-890ddb1dbb5404379eb2d57b20a85bae\" style=\"color:#3f0072;font-size:clamp(24.034px, 1.502rem + ((1vw - 3.2px) * 1.814), 40px);font-style:normal;font-weight:600\"><strong>K\u00fcldet\u00e9s\u00fcnk \u00e9s c\u00e9lunk<\/strong><\/h3>\n\n\n\n<hr class=\"wp-block-separator has-text-color has-alpha-channel-opacity has-background is-style-default wp-container-content-4daaf377\" style=\"margin-top:0;margin-bottom:0;background-color:#10a19e;color:#10a19e\"\/>\n<\/div>\n<\/div>\n\n\n\n<div class=\"wp-block-group alignwide has-global-padding is-layout-constrained wp-container-core-group-is-layout-1cf432e6 wp-block-group-is-layout-constrained\" style=\"margin-top:1.01rem\">\n<div class=\"wp-block-columns alignwide is-layout-flex wp-container-core-columns-is-layout-28f84493 wp-block-columns-is-layout-flex\">\n<div class=\"wp-block-column has-global-padding is-layout-constrained wp-container-core-column-is-layout-16a55bf3 wp-block-column-is-layout-constrained\" style=\"padding-right:1rem;padding-bottom:2rem;padding-left:1rem\">\n<div class=\"wp-block-group has-global-padding is-layout-constrained wp-container-core-group-is-layout-731c369d wp-block-group-is-layout-constrained\">\n<figure class=\"wp-block-image aligncenter size-large is-resized wp-duotone-3f0072-rgb255255255-1\"><img decoding=\"async\" src=\"https:\/\/tyler.com\/wp-content\/themes\/variations-child\/assets\/images\/traveling\/traveling-icon1.svg\" alt=\"\" class=\"wp-image-1171\" style=\"width:60px\"\/><\/figure>\n\n\n\n<p class=\"has-text-align-center has-text-color\" style=\"color:#252525;margin-top:0.51rem;font-size:clamp(0.875rem, 0.875rem + ((1vw - 0.2rem) * 0.227), 1rem);font-style:normal;font-weight:500;line-height:1.4\">Oktat\u00e1si programunk, a Kockica, c\u00e9lja, hogy a 5\u20137 \u00e9ves gyermekek sz\u00e1m\u00e1ra min\u0151s\u00e9gi \u00e9s sz\u00f3rakoztat\u00f3 kezd\u00e9st biztos\u00edtsunk az oktat\u00e1si \u00fatjukon.<\/p>\n<\/div>\n<\/div>\n\n\n\n<div class=\"wp-block-column has-global-padding is-layout-constrained wp-container-core-column-is-layout-16a55bf3 wp-block-column-is-layout-constrained\" style=\"padding-right:1rem;padding-bottom:2rem;padding-left:1rem\">\n<div class=\"wp-block-group has-global-padding is-layout-constrained wp-container-core-group-is-layout-731c369d wp-block-group-is-layout-constrained\">\n<figure class=\"wp-block-image aligncenter size-large is-resized wp-duotone-3f0072-rgb255255255-2\"><img decoding=\"async\" src=\"https:\/\/tyler.com\/wp-content\/themes\/variations-child\/assets\/images\/traveling\/traveling-icon2.svg\" alt=\"\" class=\"wp-image-1176\" style=\"width:60px\"\/><\/figure>\n<\/div>\n\n\n\n<p class=\"has-text-align-center has-text-color\" style=\"color:#252525;margin-top:0.51rem;font-size:clamp(0.875rem, 0.875rem + ((1vw - 0.2rem) * 0.227), 1rem);font-style:normal;font-weight:500;line-height:1.4\">A programot \u00fagy alak\u00edtottuk ki, hogy a j\u00e1t\u00e9k \u00e9s kreat\u00edv tev\u00e9kenys\u00e9gek r\u00e9v\u00e9n a gyerekek elsaj\u00e1t\u00edts\u00e1k azokat az alapvet\u0151 intellektu\u00e1lis k\u00e9szs\u00e9geket, amelyek elengedhetetlenek a sikeres tanul\u00e1shoz \u00e9s iskolai el\u0151menetelhez.<\/p>\n<\/div>\n\n\n\n<div class=\"wp-block-column has-global-padding is-layout-constrained wp-container-core-column-is-layout-16a55bf3 wp-block-column-is-layout-constrained\" style=\"padding-right:1rem;padding-bottom:2rem;padding-left:1rem\">\n<div class=\"wp-block-group has-global-padding is-layout-constrained wp-container-core-group-is-layout-731c369d wp-block-group-is-layout-constrained\">\n<figure class=\"wp-block-image aligncenter size-large is-resized wp-duotone-3f0072-rgb255255255-3\"><img decoding=\"async\" src=\"https:\/\/tyler.com\/wp-content\/themes\/variations-child\/assets\/images\/traveling\/traveling-icon3.svg\" alt=\"\" class=\"wp-image-1177\" style=\"width:60px\"\/><\/figure>\n<\/div>\n\n\n\n<p class=\"has-text-align-center has-text-color\" style=\"color:#252525;margin-top:0.51rem;font-size:clamp(0.875rem, 0.875rem + ((1vw - 0.2rem) * 0.227), 1rem);font-style:normal;font-weight:500;line-height:1.4\">C\u00e9lunk, hogy szil\u00e1rd alapokat biztos\u00edtsunk sz\u00e1mukra, fejlessz\u00fck k\u00edv\u00e1ncsis\u00e1gukat, \u00e9s seg\u00edts\u00fck \u0151ket abban, hogy magabiztosan oldj\u00e1k meg a probl\u00e9m\u00e1kat.<\/p>\n<\/div>\n<\/div>\n<\/div>\n<\/div>\n\n\n\n<div class=\"wp-block-cover alignfull has-parallax wp-duotone-unset-4\" style=\"min-height:828px;aspect-ratio:unset;\"><span aria-hidden=\"true\" class=\"wp-block-cover__background has-black-background-color has-background-dim-0 has-background-dim\"><\/span><div class=\"wp-block-cover__image-background wp-image-1154 has-parallax\" style=\"background-position:50% 50%;background-image:url(https:\/\/thinkeduhub.com\/wp-content\/uploads\/2024\/08\/honlap-hatter-1-1.jpg)\"><\/div><div class=\"wp-block-cover__inner-container is-layout-flow wp-block-cover-is-layout-flow\">\n<div class=\"wp-block-group alignfull has-global-padding is-layout-constrained wp-container-core-group-is-layout-6d8556d3 wp-block-group-is-layout-constrained\" style=\"margin-top:0px;margin-bottom:0px;padding-top:100px;padding-right:20px;padding-bottom:100px;padding-left:20px\">\n<div class=\"wp-block-columns alignwide is-layout-flex wp-container-core-columns-is-layout-8e3aed5f wp-block-columns-is-layout-flex\" style=\"border-style:none;border-width:0px;margin-top:0px;margin-bottom:0px;padding-top:0px;padding-right:30px;padding-bottom:0px;padding-left:30px\">\n<div class=\"wp-block-column is-vertically-aligned-center is-layout-flow wp-container-core-column-is-layout-abe5317a wp-block-column-is-layout-flow\" style=\"padding-top:0px;padding-right:0px;padding-bottom:40px;padding-left:0px\">\n<h2 class=\"wp-block-heading has-text-align-center has-text-color\" style=\"color:#ffffff;margin-top:0;margin-bottom:var(--wp--preset--spacing--20);font-size:clamp(24.034px, 1.502rem + ((1vw - 3.2px) * 1.814), 40px);font-style:normal;font-weight:600\">MI\u00c9RT VAGYUNK EGYEDIEK?<\/h2>\n\n\n\n<div class=\"wp-block-group alignwide is-vertical is-content-justification-center is-layout-flex wp-container-core-group-is-layout-35d0fedc wp-block-group-is-layout-flex\" style=\"border-style:none;border-width:0px;border-radius:15px;margin-bottom:var(--wp--preset--spacing--70)\">\n<hr class=\"wp-block-separator has-text-color has-alpha-channel-opacity has-background is-style-default wp-container-content-4daaf377\" style=\"margin-top:0;margin-bottom:0;background-color:#10a19e;color:#10a19e\"\/>\n<\/div>\n\n\n\n<p class=\"has-text-align-left has-text-color\" style=\"color:#ffffff;margin-bottom:2rem;font-size:clamp(14px, 0.875rem + ((1vw - 3.2px) * 0.455), 18px);\">A Kockica program innovat\u00edv megk\u00f6zel\u00edt\u00e9s\u00e9vel t\u0171nik ki, hiszen egy szak\u00e9rt\u0151i csapat alkotta meg, amelynek tagjai: N\u00e9meth Rich\u00e1rd, fiatal pedag\u00f3gus \u00e9s j\u00f6v\u0151k\u00e9ppel rendelkez\u0151 szakember, R\u00f3zsa Zsombor, az intellektu\u00e1lis k\u00e9szs\u00e9gek fejleszt\u00e9s\u00e9nek \u00fatt\u00f6r\u0151je, valamint S\u00e1ndor Szilvia, oktat\u00e1si-didaktikai j\u00e1t\u00e9kok megalkot\u00f3ja.<\/p>\n\n\n\n<p class=\"has-text-color\" style=\"color:#ffffff;margin-bottom:2rem;font-size:clamp(14px, 0.875rem + ((1vw - 3.2px) * 0.455), 18px);\">Programunk \u00f6tv\u00f6zi a mes\u00e9ket, a mindennapi \u00e9lethelyzeteket \u00e9s a didaktikai j\u00e1t\u00e9kokat, hogy a gyermekek sz\u00e1m\u00e1ra \u00e9rthet\u0151 \u00e9s \u00e9lvezetes m\u00f3don mutasson be fontos t\u00e9m\u00e1kat.<\/p>\n\n\n\n<p class=\"has-text-color\" style=\"color:#ffffff;margin-bottom:0rem;font-size:clamp(14px, 0.875rem + ((1vw - 3.2px) * 0.455), 18px);\">Minden foglalkoz\u00e1s gondosan megtervezett, hogy egy-egy specifikus intellektu\u00e1lis k\u00e9szs\u00e9get fejlesszen \u2013 legyen sz\u00f3 logikus gondolkod\u00e1sr\u00f3l, probl\u00e9mamegold\u00e1sr\u00f3l vagy kreativit\u00e1sr\u00f3l. A j\u00e1t\u00e9kos megk\u00f6zel\u00edt\u00e9s r\u00e9v\u00e9n a gyerekek \u00faj ismereteket szereznek, mik\u00f6zben kialakul benn\u00fck a tanul\u00e1s ir\u00e1nti szeretet, fejl\u0151dnek munkaszok\u00e1saik \u00e9s koncentr\u00e1ci\u00f3s k\u00e9pess\u00e9geik.<\/p>\n<\/div>\n\n\n\n<div class=\"wp-block-column is-layout-flow wp-block-column-is-layout-flow\" style=\"flex-basis:40%\">\n<figure class=\"wp-block-image aligncenter size-full has-custom-border\"><img loading=\"lazy\" decoding=\"async\" width=\"1532\" height=\"1149\" src=\"https:\/\/thinkeduhub.com\/wp-content\/uploads\/2024\/08\/kockica.jpg\" alt=\"\" class=\"wp-image-1233\" style=\"border-radius:15px;aspect-ratio:3\/4;object-fit:cover\" srcset=\"https:\/\/thinkeduhub.com\/wp-content\/uploads\/2024\/08\/kockica.jpg 1532w, https:\/\/thinkeduhub.com\/wp-content\/uploads\/2024\/08\/kockica-300x225.jpg 300w, https:\/\/thinkeduhub.com\/wp-content\/uploads\/2024\/08\/kockica-1024x768.jpg 1024w, https:\/\/thinkeduhub.com\/wp-content\/uploads\/2024\/08\/kockica-768x576.jpg 768w\" sizes=\"auto, (max-width: 1532px) 100vw, 1532px\" \/><\/figure>\n<\/div>\n<\/div>\n<\/div>\n<\/div><\/div>\n\n\n\n<div class=\"wp-block-group alignfull has-global-padding is-layout-constrained wp-container-core-group-is-layout-74bc26e9 wp-block-group-is-layout-constrained\" style=\"margin-top:0;margin-bottom:0;padding-top:100px;padding-bottom:100px\">\n<h2 class=\"wp-block-heading alignwide has-text-align-center has-text-color has-link-color wp-elements-c093f55a67fb00b462d29831d32f02eb\" style=\"color:#3f0072;font-size:clamp(24.034px, 1.502rem + ((1vw - 3.2px) * 1.814), 40px);font-style:normal;font-weight:600\">Mi\u00e9rt fontos ez?<\/h2>\n\n\n\n<div class=\"wp-block-group alignwide is-vertical is-content-justification-center is-layout-flex wp-container-core-group-is-layout-1c8cae62 wp-block-group-is-layout-flex\" style=\"margin-top:0;margin-bottom:var(--wp--preset--spacing--40);padding-top:0;padding-right:0;padding-bottom:0;padding-left:0\">\n<hr class=\"wp-block-separator has-text-color has-alpha-channel-opacity has-background is-style-default wp-container-content-4daaf377\" style=\"margin-top:var(--wp--preset--spacing--20);margin-bottom:var(--wp--preset--spacing--20);background-color:#10a19e;color:#10a19e\"\/>\n<\/div>\n\n\n\n<div style=\"height:24px\" aria-hidden=\"true\" class=\"wp-block-spacer\"><\/div>\n\n\n\n<div class=\"wp-block-columns alignwide is-layout-flex wp-container-core-columns-is-layout-92515837 wp-block-columns-is-layout-flex\">\n<div class=\"wp-block-column is-layout-flow wp-container-core-column-is-layout-3ca914a4 wp-block-column-is-layout-flow\">\n<figure class=\"wp-block-image aligncenter size-full is-resized\"><img loading=\"lazy\" decoding=\"async\" width=\"303\" height=\"265\" src=\"https:\/\/thinkeduhub.com\/wp-content\/uploads\/2024\/09\/image-removebg-preview-5.png\" alt=\"\" class=\"wp-image-2244\" style=\"width:100px\" srcset=\"https:\/\/thinkeduhub.com\/wp-content\/uploads\/2024\/09\/image-removebg-preview-5.png 303w, https:\/\/thinkeduhub.com\/wp-content\/uploads\/2024\/09\/image-removebg-preview-5-300x262.png 300w\" sizes=\"auto, (max-width: 303px) 100vw, 303px\" \/><\/figure>\n\n\n\n<p class=\"has-text-align-center\" style=\"margin-top:21px;margin-bottom:0;font-size:clamp(14px, 0.875rem + ((1vw - 3.2px) * 0.455), 18px);\">Az 5 \u00e9s 7 \u00e9v k\u00f6z\u00f6tti id\u0151szak kulcsfontoss\u00e1g\u00fa a gyermekek intellektu\u00e1lis \u00e9s szoci\u00e1lis k\u00e9szs\u00e9geinek fejl\u0151d\u00e9se szempontj\u00e1b\u00f3l.<\/p>\n<\/div>\n\n\n\n<div class=\"wp-block-column is-layout-flow wp-container-core-column-is-layout-3ca914a4 wp-block-column-is-layout-flow\">\n<figure class=\"wp-block-image aligncenter size-full is-resized\"><img loading=\"lazy\" decoding=\"async\" width=\"300\" height=\"268\" src=\"https:\/\/thinkeduhub.com\/wp-content\/uploads\/2024\/09\/image-removebg-preview-6.png\" alt=\"\" class=\"wp-image-2246\" style=\"width:100px\"\/><\/figure>\n\n\n\n<p class=\"has-text-align-center\" style=\"margin-top:21px;margin-bottom:0;font-size:clamp(14px, 0.875rem + ((1vw - 3.2px) * 0.455), 18px);\">A Kockica program az\u00e9rt jelent\u0151s, mert seg\u00edt a gyermekeknek felk\u00e9sz\u00fclni a j\u00f6v\u0151beli oktat\u00e1si kih\u00edv\u00e1sokra, m\u00e9ghozz\u00e1 \u00e9letkorukhoz \u00e9s \u00e9rdekl\u0151d\u00e9si k\u00f6r\u00fckh\u00f6z igaz\u00edtott, \u00e9lvezetes m\u00f3don.<\/p>\n<\/div>\n\n\n\n<div class=\"wp-block-column is-layout-flow wp-container-core-column-is-layout-3ca914a4 wp-block-column-is-layout-flow\">\n<figure class=\"wp-block-image aligncenter size-full is-resized\"><img loading=\"lazy\" decoding=\"async\" width=\"310\" height=\"280\" src=\"https:\/\/thinkeduhub.com\/wp-content\/uploads\/2024\/09\/image-removebg-preview-7.png\" alt=\"\" class=\"wp-image-2247\" style=\"width:100px\" srcset=\"https:\/\/thinkeduhub.com\/wp-content\/uploads\/2024\/09\/image-removebg-preview-7.png 310w, https:\/\/thinkeduhub.com\/wp-content\/uploads\/2024\/09\/image-removebg-preview-7-300x271.png 300w\" sizes=\"auto, (max-width: 310px) 100vw, 310px\" \/><\/figure>\n\n\n\n<p class=\"has-text-align-center\" style=\"margin-top:21px;margin-bottom:0;font-size:clamp(14px, 0.875rem + ((1vw - 3.2px) * 0.455), 18px);\">A j\u00e1t\u00e9k \u00e9s interakt\u00edv tev\u00e9kenys\u00e9gek r\u00e9v\u00e9n a gyerekek megtanulj\u00e1k, hogyan n\u00e9zzenek szembe k\u00fcl\u00f6nb\u00f6z\u0151 kih\u00edv\u00e1sokkal, fejlesztik analitikus k\u00e9pess\u00e9geiket \u00e9s er\u0151s\u00edtik \u00f6nbizalmukat.<\/p>\n<\/div>\n\n\n\n<div class=\"wp-block-column is-layout-flow wp-container-core-column-is-layout-3ca914a4 wp-block-column-is-layout-flow\">\n<figure class=\"wp-block-image aligncenter size-full is-resized\"><img loading=\"lazy\" decoding=\"async\" width=\"242\" height=\"248\" src=\"https:\/\/thinkeduhub.com\/wp-content\/uploads\/2024\/09\/image-removebg-preview-8.png\" alt=\"\" class=\"wp-image-2248\" style=\"width:85px\"\/><\/figure>\n\n\n\n<p class=\"has-text-align-center\" style=\"margin-top:21px;margin-bottom:0;font-size:clamp(14px, 0.875rem + ((1vw - 3.2px) * 0.455), 18px);\">Mindez lehet\u0151v\u00e9 teszi sz\u00e1mukra, hogy z\u00f6kken\u0151mentesen l\u00e9pjenek \u00e1t az \u00f3vod\u00e1b\u00f3l az iskolai k\u00f6rnyezetbe, magabiztosan \u00e9s sikeresen birk\u00f3zva meg az \u00faj feladatokkal \u00e9s k\u00f6telezetts\u00e9gekkel. A Kockica nem csup\u00e1n egy oktat\u00e1si program, hanem egy szil\u00e1rd alap, amelyre a gyermekek \u00e9p\u00edthetik j\u00f6v\u0151j\u00fcket.<\/p>\n<\/div>\n<\/div>\n<\/div>\n\n\n\n<section class=\"wp-block-cover alignfull has-parallax\" style=\"margin-top:37px;padding-bottom:13.51rem;min-height:432px;aspect-ratio:unset;\"><span aria-hidden=\"true\" class=\"wp-block-cover__background has-background-dim-0 has-background-dim\" style=\"background-color:#430165\"><\/span><div class=\"wp-block-cover__image-background wp-image-1154 has-parallax\" style=\"background-position:50% 50%;background-image:url(https:\/\/thinkeduhub.com\/wp-content\/uploads\/2024\/08\/honlap-hatter-1-1.jpg)\"><\/div><div class=\"wp-block-cover__inner-container has-global-padding is-layout-constrained wp-container-core-cover-is-layout-dc546073 wp-block-cover-is-layout-constrained\">\n<div class=\"wp-block-group alignfull has-text-color has-global-padding is-layout-constrained wp-container-core-group-is-layout-6f61d7e7 wp-block-group-is-layout-constrained\" style=\"color:#252525;margin-top:0px;padding-top:0rem;padding-right:1rem;padding-bottom:0rem;padding-left:1rem;font-size:clamp(0.875rem, 0.875rem + ((1vw - 0.2rem) * 0.464), 1.13rem);font-style:normal;font-weight:400;line-height:1.4\">\n<div class=\"wp-block-group alignwide is-vertical is-content-justification-center is-layout-flex wp-container-core-group-is-layout-b6c1f246 wp-block-group-is-layout-flex\">\n<div class=\"wp-block-group has-global-padding is-layout-constrained wp-container-core-group-is-layout-a099c240 wp-block-group-is-layout-constrained\">\n<h1 class=\"wp-block-heading has-text-align-center has-text-color\" style=\"color:#ffffff;margin-bottom:1.11rem;font-size:clamp(1.93rem, 1.93rem + ((1vw - 0.2rem) * 2.673), 3.4rem);font-style:normal;font-weight:500;line-height:1.2;text-transform:none\">Jelentkezzen most!<\/h1>\n\n\n\n<p class=\"has-text-align-center has-text-color\" style=\"color:#ffbe00;margin-top:0rem;font-size:clamp(0.875rem, 0.875rem + ((1vw - 0.2rem) * 0.427), 1.11rem);font-style:normal;font-weight:500;line-height:1.6\">Kezdje el gyermeke oktat\u00e1s\u00e1t vel\u00fcnk!<\/p>\n\n\n\n<div class=\"wp-block-group is-vertical is-content-justification-stretch is-layout-flex wp-container-core-group-is-layout-be82aac6 wp-block-group-is-layout-flex\" style=\"margin-top:0rem;padding-right:0px;padding-left:0px\">\n<div class=\"wp-block-group has-global-padding is-content-justification-center is-layout-constrained wp-container-core-group-is-layout-0638dde4 wp-block-group-is-layout-constrained\" style=\"margin-top:0px\">\n<div class=\"wp-block-buttons is-horizontal is-content-justification-right is-layout-flex wp-container-core-buttons-is-layout-1b0e492f wp-block-buttons-is-layout-flex\" style=\"margin-top:2.21rem\">\n<div class=\"wp-block-button has-custom-width wp-block-button__width-100 has-custom-font-size is-style-fill\" style=\"font-size:clamp(0.875rem, 0.875rem + ((1vw - 0.2rem) * 0.609), 1.21rem);font-style:normal;font-weight:600;line-height:1;text-transform:capitalize\"><a class=\"wp-block-button__link has-luminous-vivid-amber-to-luminous-vivid-orange-gradient-background has-text-color has-background wp-element-button\" href=\"https:\/\/thinkeduhub.com\/hu\/kursevi\/#kockica-kursevi\" style=\"border-style:none;border-width:0px;border-radius:20px;color:#ffffff;padding-top:1.1rem;padding-right:0.81rem;padding-bottom:1.1rem;padding-left:0.81rem\">REGISZTR\u00c1CI\u00d3<\/a><\/div>\n<\/div>\n<\/div>\n<\/div>\n<\/div>\n<\/div>\n<\/div>\n<\/div><\/section>","protected":false},"excerpt":{"rendered":"<p>\u0160TA JE NA\u0160 CILJ Na\u0161 cilj sa edukativnim programom Kockica je da deci od 5 do 7 godina omogu\u0107imo kvalitetan i zabavan po\u010detak obrazovnog puta. Program je osmi\u0161ljen da kroz igru i kreativne aktivnosti deca steknu osnovne intelektualne ve\u0161tine koje \u0107e im biti neophodne za uspe\u0161no \u0161kolovanje i u\u010denje. \u017delimo da deci pru\u017eimo \u010dvrste osnove, [&hellip;]<\/p>","protected":false},"author":2,"featured_media":0,"parent":0,"menu_order":0,"comment_status":"closed","ping_status":"closed","template":"","meta":{"ngg_post_thumbnail":0,"footnotes":""},"class_list":["post-44","page","type-page","status-publish","hentry"],"_links":{"self":[{"href":"https:\/\/thinkeduhub.com\/hu\/wp-json\/wp\/v2\/pages\/44","targetHints":{"allow":["GET"]}}],"collection":[{"href":"https:\/\/thinkeduhub.com\/hu\/wp-json\/wp\/v2\/pages"}],"about":[{"href":"https:\/\/thinkeduhub.com\/hu\/wp-json\/wp\/v2\/types\/page"}],"author":[{"embeddable":true,"href":"https:\/\/thinkeduhub.com\/hu\/wp-json\/wp\/v2\/users\/2"}],"replies":[{"embeddable":true,"href":"https:\/\/thinkeduhub.com\/hu\/wp-json\/wp\/v2\/comments?post=44"}],"version-history":[{"count":13,"href":"https:\/\/thinkeduhub.com\/hu\/wp-json\/wp\/v2\/pages\/44\/revisions"}],"predecessor-version":[{"id":2271,"href":"https:\/\/thinkeduhub.com\/hu\/wp-json\/wp\/v2\/pages\/44\/revisions\/2271"}],"wp:attachment":[{"href":"https:\/\/thinkeduhub.com\/hu\/wp-json\/wp\/v2\/media?parent=44"}],"curies":[{"name":"wp","href":"https:\/\/api.w.org\/{rel}","templated":true}]}}